{"id":4009,"date":"2019-10-15T12:00:22","date_gmt":"2019-10-15T10:00:22","guid":{"rendered":"https:\/\/www.medicsintegralsalut.com\/gabinet-destetica\/radiofrequencia-facial-y-corporal\/"},"modified":"2022-07-21T09:15:10","modified_gmt":"2022-07-21T07:15:10","slug":"radiofrequencia-facial-y-corporal","status":"publish","type":"page","link":"https:\/\/www.medicsintegralsalut.com\/ca\/unitats\/gabinet-destetica\/radiofrequencia-facial-y-corporal\/","title":{"rendered":"Radiofreq\u00fc\u00e8ncia facial y corporal"},"content":{"rendered":"<p>[vc_row css_animation=&#8221;&#8221; row_type=&#8221;row&#8221; use_row_as_full_screen_section=&#8221;no&#8221; type=&#8221;full_width&#8221; angled_section=&#8221;no&#8221; text_align=&#8221;left&#8221; background_image_as_pattern=&#8221;without_pattern&#8221;][vc_column][vc_row_inner row_type=&#8221;row&#8221; type=&#8221;grid&#8221; text_align=&#8221;left&#8221; css_animation=&#8221;&#8221;][vc_column_inner][vc_column_text el_class=&#8221;h1-interno&#8221;]<\/p>\n<h1 style=\"text-align: center;\">Radiofreq\u00fc\u00e8ncia facial y corporal<\/h1>\n<p>[\/vc_column_text][vc_separator type=&#8221;small&#8221; position=&#8221;center&#8221; color=&#8221;#f7b844&#8243;][vc_column_text el_class=&#8221;subt-interno&#8221;]<\/p>\n<p style=\"text-align: center;\">Excel\u00b7lents resultats sense cirurgia<\/p>\n<p>[\/vc_column_text][vc_empty_space][\/vc_column_inner][\/vc_row_inner][vc_empty_space][\/vc_column][\/vc_row][vc_row css_animation=&#8221;&#8221; row_type=&#8221;row&#8221; use_row_as_full_screen_section=&#8221;no&#8221; type=&#8221;full_width&#8221; angled_section=&#8221;no&#8221; text_align=&#8221;left&#8221; background_image_as_pattern=&#8221;without_pattern&#8221;][vc_column][vc_row_inner row_type=&#8221;row&#8221; type=&#8221;grid&#8221; text_align=&#8221;left&#8221; css_animation=&#8221;&#8221;][vc_column_inner width=&#8221;1\/2&#8243;][vc_single_image image=&#8221;589&#8243; img_size=&#8221;full&#8221; qode_css_animation=&#8221;&#8221;][vc_empty_space][\/vc_column_inner][vc_column_inner el_class=&#8221;servicio-listas&#8221; width=&#8221;1\/2&#8243;][vc_empty_space height=&#8221;75&#8243;]<div class='q_icon_with_title tiny custom_icon_image '><div class=\"icon_holder \" style=\" \"><img decoding=\"async\" itemprop=\"image\" style=\"\" src=\"https:\/\/www.medicsintegralsalut.com\/wp-content\/uploads\/2019\/10\/ntick.png\" alt=\"\"><\/div><div class=\"icon_text_holder\" style=\"\"><div class=\"icon_text_inner\" style=\"\"><h5 class=\"icon_title\" style=\"color: #777777;\">El 100% dels clients est\u00e0 satisfet<\/h5><p style=''><\/p><\/div><\/div><\/div><div class='q_icon_with_title tiny custom_icon_image '><div class=\"icon_holder \" style=\" \"><img decoding=\"async\" itemprop=\"image\" style=\"\" src=\"https:\/\/www.medicsintegralsalut.com\/wp-content\/uploads\/2019\/10\/ntick.png\" alt=\"\"><\/div><div class=\"icon_text_holder\" style=\"\"><div class=\"icon_text_inner\" style=\"\"><h5 class=\"icon_title\" style=\"color: #777777;\">\u00c9s la nostra principal intervenci\u00f3<\/h5><p style=''><\/p><\/div><\/div><\/div><div class='q_icon_with_title tiny custom_icon_image '><div class=\"icon_holder \" style=\" \"><img decoding=\"async\" itemprop=\"image\" style=\"\" src=\"https:\/\/www.medicsintegralsalut.com\/wp-content\/uploads\/2019\/10\/ntick.png\" alt=\"\"><\/div><div class=\"icon_text_holder\" style=\"\"><div class=\"icon_text_inner\" style=\"\"><h5 class=\"icon_title\" style=\"color: #777777;\">Recuperaci\u00f3 r\u00e0pida<\/h5><p style=''><\/p><\/div><\/div><\/div><div class='q_icon_with_title tiny custom_icon_image '><div class=\"icon_holder \" style=\" \"><img decoding=\"async\" itemprop=\"image\" style=\"\" src=\"https:\/\/www.medicsintegralsalut.com\/wp-content\/uploads\/2019\/10\/ntick.png\" alt=\"\"><\/div><div class=\"icon_text_holder\" style=\"\"><div class=\"icon_text_inner\" style=\"\"><h5 class=\"icon_title\" style=\"color: #777777;\">Finan\u00e7ament a mida<\/h5><p style=''><\/p><\/div><\/div><\/div>[vc_empty_space][\/vc_column_inner][\/vc_row_inner][vc_empty_space][\/vc_column][\/vc_row][vc_row css_animation=&#8221;&#8221; row_type=&#8221;row&#8221; use_row_as_full_screen_section=&#8221;no&#8221; type=&#8221;full_width&#8221; angled_section=&#8221;no&#8221; text_align=&#8221;left&#8221; background_image_as_pattern=&#8221;without_pattern&#8221;][vc_column][vc_row_inner row_type=&#8221;row&#8221; type=&#8221;grid&#8221; text_align=&#8221;left&#8221; css_animation=&#8221;&#8221;][vc_column_inner width=&#8221;1\/4&#8243;][\/vc_column_inner][vc_column_inner width=&#8221;1\/2&#8243;][vc_column_text el_class=&#8221;h2-interno&#8221;]<\/p>\n<h2 style=\"text-align: center;\">Qu\u00e8 \u00e9s la radiofreq\u00fc\u00e8ncia?<\/h2>\n<p>[\/vc_column_text][vc_separator type=&#8221;small&#8221; position=&#8221;center&#8221; color=&#8221;#f7b844&#8243;][vc_column_text el_class=&#8221;subt-interno&#8221;]<\/p>\n<p style=\"text-align: center;\">La radiofreq\u00fc\u00e8ncia facial \u00e9s una t\u00e8cnica que combat de manera efectiva la flacciditat. Un benefici addicional de la radiofreq\u00fc\u00e8ncia facial \u00e9s que estimula que el nostre cos regeneri les xarxes fibroses, fent que sintetitzi m\u00e9s col\u00b7lagen i elastina.<\/p>\n<p>[\/vc_column_text][vc_empty_space][\/vc_column_inner][vc_column_inner width=&#8221;1\/4&#8243;][\/vc_column_inner][\/vc_row_inner][vc_empty_space][\/vc_column][\/vc_row][vc_row css_animation=&#8221;&#8221; row_type=&#8221;row&#8221; use_row_as_full_screen_section=&#8221;no&#8221; type=&#8221;full_width&#8221; angled_section=&#8221;no&#8221; text_align=&#8221;left&#8221; background_image_as_pattern=&#8221;without_pattern&#8221;][vc_column][vc_row_inner row_type=&#8221;row&#8221; type=&#8221;grid&#8221; text_align=&#8221;left&#8221; css_animation=&#8221;&#8221;][vc_column_inner width=&#8221;1\/4&#8243;][\/vc_column_inner][vc_column_inner width=&#8221;1\/2&#8243;][vc_column_text el_class=&#8221;h2-interno&#8221;]<\/p>\n<h2 style=\"text-align: center;\">Per a qui est\u00e0 indicada la radiofreq\u00fc\u00e8ncia<\/h2>\n<p>[\/vc_column_text][vc_separator type=&#8221;small&#8221; position=&#8221;center&#8221; color=&#8221;#f7b844&#8243;][vc_column_text el_class=&#8221;subt-interno&#8221;]<\/p>\n<p style=\"text-align: center;\">La radiofreq\u00fc\u00e8ncia facial est\u00e0 indicada per al tractament de:<\/p>\n<p style=\"text-align: center;\">Arrugues i l\u00ednies d&#8217;expressi\u00f3<br \/>\nPapada, galtes, bosses i ulleres<br \/>\nEnvelliment de la pell<br \/>\nFlacidesa i manca de to en cara i coll<\/p>\n<p>&nbsp;<\/p>\n<p style=\"text-align: center;\">La radiofreq\u00fc\u00e8ncia facial s&#8217;utilitza en pacients amb lleu a moderada flacciditat dels teixits facials, generalment en persones d&#8217;entre trenta i cinquanta-cinc anys, per millorar el contorn facial, combatre la flacciditat, reafirmar la pell de les parpelles i millorar les bosses i ulleres. Aquests pacients obtenen els millors resultats.<\/p>\n<p>&nbsp;<\/p>\n<p style=\"text-align: center;\">Les zones corporals com els glutis, l&#8217;abdomen i els malucs i altres zones com els bra\u00e7os, les cuixes i l&#8217;escot.<\/p>\n<p>[\/vc_column_text][vc_empty_space][\/vc_column_inner][vc_column_inner width=&#8221;1\/4&#8243;][\/vc_column_inner][\/vc_row_inner][vc_empty_space][\/vc_column][\/vc_row][vc_row css_animation=&#8221;&#8221; row_type=&#8221;row&#8221; use_row_as_full_screen_section=&#8221;no&#8221; type=&#8221;full_width&#8221; angled_section=&#8221;no&#8221; text_align=&#8221;left&#8221; background_image_as_pattern=&#8221;without_pattern&#8221;][vc_column][vc_row_inner row_type=&#8221;row&#8221; type=&#8221;grid&#8221; text_align=&#8221;left&#8221; css_animation=&#8221;&#8221;][vc_column_inner width=&#8221;1\/4&#8243;][\/vc_column_inner][vc_column_inner width=&#8221;1\/2&#8243;][vc_column_text el_class=&#8221;h2-interno&#8221;]<\/p>\n<h2 style=\"text-align: center;\">FAQS sobre radiofreq\u00fc\u00e8ncia<\/h2>\n<p>[\/vc_column_text][vc_separator type=&#8221;small&#8221; position=&#8221;center&#8221; color=&#8221;#f7b844&#8243;][vc_empty_space]<div class=\"qode-accordion-holder clearfix qode-toggle qode-initial \">\n\t<h4 class=\"clearfix qode-title-holder\">\n<span class=\"qode-tab-title\">\n\t    <span class=\"qode-tab-title-inner\">\n        Com es realitza la radiofreq\u00fc\u00e8ncia?    <\/span>\n<\/span>\n<span class=\"qode-accordion-mark\">\n    <span class=\"qode-accordion-mark-icon\">\n        <span class=\"icon_plus\"><\/span>\n        <span class=\"icon_minus-06\"><\/span>\n    <\/span>\n<\/span>\n<\/h4>\n<div  class=\"qode-accordion-content \" >\n    <div class=\"qode-accordion-content-inner\">\n        [vc_column_text]Consisteix a aplicar energia de radiofreq\u00fc\u00e8ncia per escalfar les capes internes de la pell. En aplicar energia en forma de calor a una temperatura mitjana de 40 graus es realitza una contracci\u00f3 de les xarxes de col\u00b7lagen i elastina de la nostra pell, obtenint resultats immediats i de llarga durada.[\/vc_column_text]    <\/div>\n<\/div><h4 class=\"clearfix qode-title-holder\">\n<span class=\"qode-tab-title\">\n\t    <span class=\"qode-tab-title-inner\">\n        Com es realitza el diagn\u00f2stic?    <\/span>\n<\/span>\n<span class=\"qode-accordion-mark\">\n    <span class=\"qode-accordion-mark-icon\">\n        <span class=\"icon_plus\"><\/span>\n        <span class=\"icon_minus-06\"><\/span>\n    <\/span>\n<\/span>\n<\/h4>\n<div  class=\"qode-accordion-content \" >\n    <div class=\"qode-accordion-content-inner\">\n        [vc_column_text]La nostra especialista fa un diagn\u00f2stic personalitzat abans de comen\u00e7ar amb el tractament. Durant aquesta primera visita es determina el tipus de tractament que dep\u00e8n de les caracter\u00edstiques personals. Algunes daquestes caracter\u00edstiques s\u00f3n: ledat, el metabolisme, l\u00e0rea a tractar i lestructura dels teixits.[\/vc_column_text]    <\/div>\n<\/div><h4 class=\"clearfix qode-title-holder\">\n<span class=\"qode-tab-title\">\n\t    <span class=\"qode-tab-title-inner\">\n        Quant dura el tractament?    <\/span>\n<\/span>\n<span class=\"qode-accordion-mark\">\n    <span class=\"qode-accordion-mark-icon\">\n        <span class=\"icon_plus\"><\/span>\n        <span class=\"icon_minus-06\"><\/span>\n    <\/span>\n<\/span>\n<\/h4>\n<div  class=\"qode-accordion-content \" >\n    <div class=\"qode-accordion-content-inner\">\n        [vc_column_text]La durada del tractament \u00e9s variable depenent de l&#8217;\u00e0rea a tractar, entre els 25-30 minuts a les zones petites com a bra\u00e7os o abdomen i els 45-50 minuts per a zones m\u00e9s \u00e0mplies com a troc\u00e0nters (cartutxeres) per sessi\u00f3.<\/p>\n<p>&nbsp;<\/p>\n<p>El nombre de sessions necess\u00e0ries \u00e9s variable i dependr\u00e0 de l&#8217;estat de cada pacient i el seu nivell d&#8217;exig\u00e8ncia, per\u00f2 es consideren necess\u00e0ries entre 4 i 6 en facial, i entre 6 i 10 en tractaments corporals.[\/vc_column_text]    <\/div>\n<\/div><\/div>[vc_empty_space][\/vc_column_inner][vc_column_inner width=&#8221;1\/4&#8243;][\/vc_column_inner][\/vc_row_inner][vc_empty_space][\/vc_column][\/vc_row][vc_row css_animation=&#8221;&#8221; row_type=&#8221;row&#8221; use_row_as_full_screen_section=&#8221;no&#8221; type=&#8221;full_width&#8221; angled_section=&#8221;no&#8221; text_align=&#8221;left&#8221; background_image_as_pattern=&#8221;without_pattern&#8221;][vc_column][vc_row_inner row_type=&#8221;row&#8221; type=&#8221;grid&#8221; text_align=&#8221;left&#8221; css_animation=&#8221;&#8221;][vc_column_inner width=&#8221;1\/4&#8243;][\/vc_column_inner][vc_column_inner width=&#8221;1\/2&#8243;][vc_column_text el_class=&#8221;titulo-grande&#8221; css=&#8221;.vc_custom_1571303854207{border-top-width: 1px !important;border-bottom-width: 1px !important;border-top-color: #f7b844 !important;border-top-style: solid !important;border-bottom-color: #f7b844 !important;border-bottom-style: solid !important;}&#8221;]<a href=\"https:\/\/www.medicsintegralsalut.com\/financiacion\/\"><img decoding=\"async\" class=\"alignnone size-full wp-image-359\" src=\"https:\/\/www.medicsintegralsalut.com\/wp-content \/uploads\/2019\/10\/mps.jpg\" alt=\"\" width=\"79\" height=\"69\" \/><\/a><\/p>\n<h2 style=\"text-align: center;\"><a href=\"https:\/\/www.medicsintegralsalut.com\/financiacion\/\">Finan\u00e7a la teva cirurgia<\/a><\/h2>\n<p>[\/vc_column_text][vc_empty_space][vc_column_text el_class=&#8221;subt-interno&#8221;]Demana una visita gratuita.<br \/>\nContacta amb nosaltres i t&#8217;atendrem sense comprom\u00eds.[\/vc_column_text][vc_empty_space]\n<div class=\"wpcf7 no-js\" id=\"wpcf7-f4702-o1\" lang=\"ca\" dir=\"ltr\" data-wpcf7-id=\"4702\">\n<div class=\"screen-reader-response\"><p role=\"status\" aria-live=\"polite\" aria-atomic=\"true\"><\/p> <ul><\/ul><\/div>\n<form action=\"\/ca\/wp-json\/wp\/v2\/pages\/4009#wpcf7-f4702-o1\" method=\"post\" class=\"wpcf7-form init cf7_custom_style_1 wpcf7-acceptance-as-validation\" aria-label=\"Formulari de contacte\" novalidate=\"novalidate\" data-status=\"init\">\n<div style=\"display: none;\">\n<input type=\"hidden\" name=\"_wpcf7\" value=\"4702\" \/>\n<input type=\"hidden\" name=\"_wpcf7_version\" value=\"6.0.1\" \/>\n<input type=\"hidden\" name=\"_wpcf7_locale\" value=\"ca\" \/>\n<input type=\"hidden\" name=\"_wpcf7_unit_tag\" value=\"wpcf7-f4702-o1\" \/>\n<input type=\"hidden\" name=\"_wpcf7_container_post\" value=\"0\" \/>\n<input type=\"hidden\" name=\"_wpcf7_posted_data_hash\" value=\"\" \/>\n<input type=\"hidden\" name=\"_wpcf7_recaptcha_response\" value=\"\" \/>\n<\/div>\n<p><span class=\"wpcf7-form-control-wrap\" data-name=\"your-name\"><input size=\"40\" maxlength=\"400\" class=\"wpcf7-form-control wpcf7-text wpcf7-validates-as-required\" aria-required=\"true\" aria-invalid=\"false\" placeholder=\"Nom i cognoms\" value=\"\" type=\"text\" name=\"your-name\" \/><\/span><br \/>\n<span class=\"wpcf7-form-control-wrap\" data-name=\"your-tel\"><input size=\"40\" maxlength=\"400\" class=\"wpcf7-form-control wpcf7-tel wpcf7-validates-as-required wpcf7-text wpcf7-validates-as-tel\" aria-required=\"true\" aria-invalid=\"false\" placeholder=\"Tel\u00e8fon\" value=\"\" type=\"tel\" name=\"your-tel\" \/><\/span><br \/>\n<span class=\"wpcf7-form-control-wrap\" data-name=\"your-email\"><input size=\"40\" maxlength=\"400\" class=\"wpcf7-form-control wpcf7-email wpcf7-validates-as-required wpcf7-text wpcf7-validates-as-email\" aria-required=\"true\" aria-invalid=\"false\" placeholder=\"Correu electr\u00f2nic\" value=\"\" type=\"email\" name=\"your-email\" \/><\/span><br \/>\n<span class=\"wpcf7-form-control-wrap\" data-name=\"your-message\"><textarea cols=\"40\" rows=\"3\" maxlength=\"2000\" class=\"wpcf7-form-control wpcf7-textarea wpcf7-validates-as-required\" aria-required=\"true\" aria-invalid=\"false\" placeholder=\"Motiu de la consulta\" name=\"your-message\"><\/textarea><\/span><br \/>\n<span class=\"wpcf7-form-control-wrap\" data-name=\"acceptance-904\"><span class=\"wpcf7-form-control wpcf7-acceptance\"><span class=\"wpcf7-list-item\"><label><input type=\"checkbox\" name=\"acceptance-904\" value=\"1\" aria-invalid=\"false\" \/><span class=\"wpcf7-list-item-label\">He llegit la <a target=\"_blank\" href=\"https:\/\/www.medicsintegralsalut.com\/ca\/politica-de-privadesa\/\/\">Pol\u00edtica de privadesa<\/a><\/span><\/label><\/span><\/span><\/span>\n<\/p>\n<p><input class=\"wpcf7-form-control wpcf7-submit has-spinner\" type=\"submit\" value=\"Enviar\" \/>\n<\/p>\n<p>\n<table id=\"tablepress-2\" class=\"tablepress tablepress-id-2\">\n<thead>\n<tr class=\"row-1\">\n\t<th class=\"column-1\">Responsable<\/th><th class=\"column-2\">VIOLET GRUP MEDIC SL <\/th>\n<\/tr>\n<\/thead>\n<tbody class=\"row-striping\">\n<tr class=\"row-2\">\n\t<td class=\"column-1\">Finalitat<\/td><td class=\"column-2\">Atendre les vostres consultes i\/o sol\u00b7licituds. Accions comercials.<\/td>\n<\/tr>\n<tr class=\"row-3\">\n\t<td class=\"column-1\">Drets<\/td><td class=\"column-2\">Accedir, rectificar i suprimir les dades, aix\u00ed com altres drets, com s'explica a la informaci\u00f3 addicional.<\/td>\n<\/tr>\n<tr class=\"row-4\">\n\t<td class=\"column-1\">Informaci\u00f3 adicional<\/td><td class=\"column-2\">Podeu consultar la informaci\u00f3 addicional i detallada sobre Protecci\u00f3 de Dades a la nostra p\u00e0gina web, apartat Pol\u00edtica de Privadesa.<\/td>\n<\/tr>\n<\/tbody>\n<\/table>\n<!-- #tablepress-2 from cache -->\n<\/p><div class=\"wpcf7-response-output\" aria-hidden=\"true\"><\/div>\n<\/form>\n<\/div>\n[vc_empty_space][\/vc_column_inner][vc_column_inner width=&#8221;1\/4&#8243;][\/vc_column_inner][\/vc_row_inner][vc_empty_space][\/vc_column][\/vc_row][vc_row css_animation=&#8221;&#8221; row_type=&#8221;row&#8221; use_row_as_full_screen_section=&#8221;no&#8221; type=&#8221;full_width&#8221; angled_section=&#8221;no&#8221; text_align=&#8221;left&#8221; background_image_as_pattern=&#8221;without_pattern&#8221;][vc_column offset=&#8221;vc_hidden-lg vc_hidden-md vc_hidden-sm vc_hidden-xs&#8221;][vc_row_inner row_type=&#8221;row&#8221; type=&#8221;grid&#8221; text_align=&#8221;left&#8221; css_animation=&#8221;&#8221;][vc_column_inner][vc_column_text el_class=&#8221;subt-interno&#8221;]<\/p>\n<p style=\"text-align: center;\">Tractaments relacionats que et poden interessar:<\/p>\n<p>[\/vc_column_text][vc_empty_space][\/vc_column_inner][\/vc_row_inner][vc_row_inner row_type=&#8221;row&#8221; type=&#8221;grid&#8221; text_align=&#8221;left&#8221; css_animation=&#8221;&#8221;][vc_column_inner width=&#8221;1\/5&#8243;][\/vc_column_inner][vc_column_inner width=&#8221;1\/5&#8243;][vc_column_text el_class=&#8221;enlace-relacionado&#8221; css=&#8221;.vc_custom_1571218249640{border-top-width: 1px !important;border-bottom-width: 1px !important;border-top-color: #f7b844 !important;border-top-style: solid !important;border-bottom-color: #f7b844 !important;border-bottom-style: solid !important;}&#8221;]<\/p>\n<p style=\"text-align: center;\"><a href=\"https:\/\/www.medicsintegralsalut.com\/ca\/unitats\/cirurgia-estetica-masculina\/blefaroplastia\/\">Blefaropl\u00e0stia<\/a><\/p>\n<p>[\/vc_column_text][vc_empty_space][\/vc_column_inner][vc_column_inner width=&#8221;1\/5&#8243;][vc_column_text el_class=&#8221;enlace-relacionado&#8221; css=&#8221;.vc_custom_1571218244116{border-top-width: 1px !important;border-bottom-width: 1px !important;border-top-color: #f7b844 !important;border-top-style: solid !important;border-bottom-color: #f7b844 !important;border-bottom-style: solid !important;}&#8221;]<\/p>\n<p style=\"text-align: center;\"><a href=\"https:\/\/www.medicsintegralsalut.com\/ca\/unitats\/cirurgia-estetica-facial\/otoplastia\/\">Otopl\u00e0stia<\/a><\/p>\n<p>[\/vc_column_text][vc_empty_space][\/vc_column_inner][vc_column_inner width=&#8221;1\/5&#8243;][vc_column_text el_class=&#8221;enlace-relacionado&#8221; css=&#8221;.vc_custom_1571218262915{border-top-width: 1px !important;border-bottom-width: 1px !important;border-top-color: #f7b844 !important;border-top-style: solid !important;border-bottom-color: #f7b844 !important;border-bottom-style: solid !important;}&#8221;]<\/p>\n<p style=\"text-align: center;\"><a href=\"https:\/\/www.medicsintegralsalut.com\/ca\/unitats\/medicina-estetica-facial\/arrugues-expressio\/\">Arrugues<\/a><\/p>\n<p>[\/vc_column_text][vc_empty_space][\/vc_column_inner][vc_column_inner width=&#8221;1\/5&#8243;][\/vc_column_inner][\/vc_row_inner][vc_empty_space][\/vc_column][\/vc_row]<\/p>\n","protected":false},"excerpt":{"rendered":"<p>[vc_row css_animation=&#8221;&#8221; row_type=&#8221;row&#8221; use_row_as_full_screen_section=&#8221;no&#8221; type=&#8221;full_width&#8221; angled_section=&#8221;no&#8221; text_align=&#8221;left&#8221; background_image_as_pattern=&#8221;without_pattern&#8221;][vc_column][vc_row_inner row_type=&#8221;row&#8221; type=&#8221;grid&#8221; text_align=&#8221;left&#8221; css_animation=&#8221;&#8221;][vc_column_inner][vc_column_text el_class=&#8221;h1-interno&#8221;] Radiofreq\u00fc\u00e8ncia facial y corporal [\/vc_column_text][vc_separator type=&#8221;small&#8221; position=&#8221;center&#8221; color=&#8221;#f7b844&#8243;][vc_column_text el_class=&#8221;subt-interno&#8221;] Excel\u00b7lents resultats sense cirurgia [\/vc_column_text][vc_empty_space][\/vc_column_inner][\/vc_row_inner][vc_empty_space][\/vc_column][\/vc_row][vc_row css_animation=&#8221;&#8221; row_type=&#8221;row&#8221; use_row_as_full_screen_section=&#8221;no&#8221; type=&#8221;full_width&#8221; angled_section=&#8221;no&#8221; text_align=&#8221;left&#8221; background_image_as_pattern=&#8221;without_pattern&#8221;][vc_column][vc_row_inner row_type=&#8221;row&#8221; type=&#8221;grid&#8221; text_align=&#8221;left&#8221; css_animation=&#8221;&#8221;][vc_column_inner width=&#8221;1\/2&#8243;][vc_single_image image=&#8221;589&#8243; img_size=&#8221;full&#8221; qode_css_animation=&#8221;&#8221;][vc_empty_space][\/vc_column_inner][vc_column_inner el_class=&#8221;servicio-listas&#8221; width=&#8221;1\/2&#8243;][vc_empty_space height=&#8221;75&#8243;][vc_empty_space][\/vc_column_inner][\/vc_row_inner][vc_empty_space][\/vc_column][\/vc_row][vc_row&#8230;<\/p>\n","protected":false},"author":3,"featured_media":0,"parent":3988,"menu_order":0,"comment_status":"closed","ping_status":"closed","template":"full_width.php","meta":{"footnotes":""},"class_list":["post-4009","page","type-page","status-publish","hentry"],"acf":[],"yoast_head":"<!-- This site is optimized with the Yoast SEO plugin v24.0 - https:\/\/yoast.com\/wordpress\/plugins\/seo\/ -->\n<title>Radiofreq\u00fc\u00e8ncia facial y corporal - MedicsIntegralSalut<\/title>\n<meta name=\"robots\" content=\"index, follow, max-snippet:-1, max-image-preview:large, max-video-preview:-1\" \/>\n<link rel=\"canonical\" href=\"https:\/\/www.medicsintegralsalut.com\/ca\/unitats\/gabinet-destetica\/radiofrequencia-facial-y-corporal\/\" \/>\n<meta property=\"og:locale\" content=\"ca_ES\" \/>\n<meta property=\"og:type\" content=\"article\" \/>\n<meta property=\"og:title\" content=\"Radiofreq\u00fc\u00e8ncia facial y corporal - MedicsIntegralSalut\" \/>\n<meta property=\"og:description\" content=\"[vc_row css_animation=&#8221;&#8221; row_type=&#8221;row&#8221; use_row_as_full_screen_section=&#8221;no&#8221; type=&#8221;full_width&#8221; angled_section=&#8221;no&#8221; text_align=&#8221;left&#8221; background_image_as_pattern=&#8221;without_pattern&#8221;][vc_column][vc_row_inner row_type=&#8221;row&#8221; type=&#8221;grid&#8221; text_align=&#8221;left&#8221; css_animation=&#8221;&#8221;][vc_column_inner][vc_column_text el_class=&#8221;h1-interno&#8221;] Radiofreq\u00fc\u00e8ncia facial y corporal [\/vc_column_text][vc_separator type=&#8221;small&#8221; position=&#8221;center&#8221; color=&#8221;#f7b844&#8243;][vc_column_text el_class=&#8221;subt-interno&#8221;] Excel\u00b7lents resultats sense cirurgia [\/vc_column_text][vc_empty_space][\/vc_column_inner][\/vc_row_inner][vc_empty_space][\/vc_column][\/vc_row][vc_row css_animation=&#8221;&#8221; row_type=&#8221;row&#8221; use_row_as_full_screen_section=&#8221;no&#8221; type=&#8221;full_width&#8221; angled_section=&#8221;no&#8221; text_align=&#8221;left&#8221; background_image_as_pattern=&#8221;without_pattern&#8221;][vc_column][vc_row_inner row_type=&#8221;row&#8221; type=&#8221;grid&#8221; text_align=&#8221;left&#8221; css_animation=&#8221;&#8221;][vc_column_inner width=&#8221;1\/2&#8243;][vc_single_image image=&#8221;589&#8243; img_size=&#8221;full&#8221; qode_css_animation=&#8221;&#8221;][vc_empty_space][\/vc_column_inner][vc_column_inner el_class=&#8221;servicio-listas&#8221; width=&#8221;1\/2&#8243;][vc_empty_space height=&#8221;75&#8243;][vc_empty_space][\/vc_column_inner][\/vc_row_inner][vc_empty_space][\/vc_column][\/vc_row][vc_row...\" \/>\n<meta property=\"og:url\" content=\"https:\/\/www.medicsintegralsalut.com\/ca\/unitats\/gabinet-destetica\/radiofrequencia-facial-y-corporal\/\" \/>\n<meta property=\"og:site_name\" content=\"MedicsIntegralSalut\" \/>\n<meta property=\"article:modified_time\" content=\"2022-07-21T07:15:10+00:00\" \/>\n<meta name=\"twitter:card\" content=\"summary_large_image\" \/>\n<meta name=\"twitter:label1\" content=\"Temps estimat de lectura\" \/>\n\t<meta name=\"twitter:data1\" content=\"7 minuts\" \/>\n<script type=\"application\/ld+json\" class=\"yoast-schema-graph\">{\"@context\":\"https:\/\/schema.org\",\"@graph\":[{\"@type\":\"WebPage\",\"@id\":\"https:\/\/www.medicsintegralsalut.com\/ca\/unitats\/gabinet-destetica\/radiofrequencia-facial-y-corporal\/\",\"url\":\"https:\/\/www.medicsintegralsalut.com\/ca\/unitats\/gabinet-destetica\/radiofrequencia-facial-y-corporal\/\",\"name\":\"Radiofreq\u00fc\u00e8ncia facial y corporal - MedicsIntegralSalut\",\"isPartOf\":{\"@id\":\"https:\/\/www.medicsintegralsalut.com\/ca\/#website\"},\"datePublished\":\"2019-10-15T10:00:22+00:00\",\"dateModified\":\"2022-07-21T07:15:10+00:00\",\"breadcrumb\":{\"@id\":\"https:\/\/www.medicsintegralsalut.com\/ca\/unitats\/gabinet-destetica\/radiofrequencia-facial-y-corporal\/#breadcrumb\"},\"inLanguage\":\"ca\",\"potentialAction\":[{\"@type\":\"ReadAction\",\"target\":[\"https:\/\/www.medicsintegralsalut.com\/ca\/unitats\/gabinet-destetica\/radiofrequencia-facial-y-corporal\/\"]}]},{\"@type\":\"BreadcrumbList\",\"@id\":\"https:\/\/www.medicsintegralsalut.com\/ca\/unitats\/gabinet-destetica\/radiofrequencia-facial-y-corporal\/#breadcrumb\",\"itemListElement\":[{\"@type\":\"ListItem\",\"position\":1,\"name\":\"Portada\",\"item\":\"https:\/\/www.medicsintegralsalut.com\/ca\/\"},{\"@type\":\"ListItem\",\"position\":2,\"name\":\"Unitats\",\"item\":\"https:\/\/www.medicsintegralsalut.com\/ca\/unitats\/\"},{\"@type\":\"ListItem\",\"position\":3,\"name\":\"Gabinet d&#8217;est\u00e8tica\",\"item\":\"https:\/\/www.medicsintegralsalut.com\/ca\/unitats\/gabinet-destetica\/\"},{\"@type\":\"ListItem\",\"position\":4,\"name\":\"Radiofreq\u00fc\u00e8ncia facial y corporal\"}]},{\"@type\":\"WebSite\",\"@id\":\"https:\/\/www.medicsintegralsalut.com\/ca\/#website\",\"url\":\"https:\/\/www.medicsintegralsalut.com\/ca\/\",\"name\":\"MedicsIntegralSalut\",\"description\":\"Cirug\u00eda est\u00e9tica\",\"publisher\":{\"@id\":\"https:\/\/www.medicsintegralsalut.com\/ca\/#organization\"},\"potentialAction\":[{\"@type\":\"SearchAction\",\"target\":{\"@type\":\"EntryPoint\",\"urlTemplate\":\"https:\/\/www.medicsintegralsalut.com\/ca\/?s={search_term_string}\"},\"query-input\":{\"@type\":\"PropertyValueSpecification\",\"valueRequired\":true,\"valueName\":\"search_term_string\"}}],\"inLanguage\":\"ca\"},{\"@type\":\"Organization\",\"@id\":\"https:\/\/www.medicsintegralsalut.com\/ca\/#organization\",\"name\":\"MedicsIntegralSalut\",\"url\":\"https:\/\/www.medicsintegralsalut.com\/ca\/\",\"logo\":{\"@type\":\"ImageObject\",\"inLanguage\":\"ca\",\"@id\":\"https:\/\/www.medicsintegralsalut.com\/ca\/#\/schema\/logo\/image\/\",\"url\":\"https:\/\/www.medicsintegralsalut.com\/wp-content\/uploads\/2021\/12\/Logo-web-03_250.png\",\"contentUrl\":\"https:\/\/www.medicsintegralsalut.com\/wp-content\/uploads\/2021\/12\/Logo-web-03_250.png\",\"width\":250,\"height\":99,\"caption\":\"MedicsIntegralSalut\"},\"image\":{\"@id\":\"https:\/\/www.medicsintegralsalut.com\/ca\/#\/schema\/logo\/image\/\"}}]}<\/script>\n<!-- \/ Yoast SEO plugin. -->","yoast_head_json":{"title":"Radiofreq\u00fc\u00e8ncia facial y corporal - MedicsIntegralSalut","robots":{"index":"index","follow":"follow","max-snippet":"max-snippet:-1","max-image-preview":"max-image-preview:large","max-video-preview":"max-video-preview:-1"},"canonical":"https:\/\/www.medicsintegralsalut.com\/ca\/unitats\/gabinet-destetica\/radiofrequencia-facial-y-corporal\/","og_locale":"ca_ES","og_type":"article","og_title":"Radiofreq\u00fc\u00e8ncia facial y corporal - MedicsIntegralSalut","og_description":"[vc_row css_animation=&#8221;&#8221; row_type=&#8221;row&#8221; use_row_as_full_screen_section=&#8221;no&#8221; type=&#8221;full_width&#8221; angled_section=&#8221;no&#8221; text_align=&#8221;left&#8221; background_image_as_pattern=&#8221;without_pattern&#8221;][vc_column][vc_row_inner row_type=&#8221;row&#8221; type=&#8221;grid&#8221; text_align=&#8221;left&#8221; css_animation=&#8221;&#8221;][vc_column_inner][vc_column_text el_class=&#8221;h1-interno&#8221;] Radiofreq\u00fc\u00e8ncia facial y corporal [\/vc_column_text][vc_separator type=&#8221;small&#8221; position=&#8221;center&#8221; color=&#8221;#f7b844&#8243;][vc_column_text el_class=&#8221;subt-interno&#8221;] Excel\u00b7lents resultats sense cirurgia [\/vc_column_text][vc_empty_space][\/vc_column_inner][\/vc_row_inner][vc_empty_space][\/vc_column][\/vc_row][vc_row css_animation=&#8221;&#8221; row_type=&#8221;row&#8221; use_row_as_full_screen_section=&#8221;no&#8221; type=&#8221;full_width&#8221; angled_section=&#8221;no&#8221; text_align=&#8221;left&#8221; background_image_as_pattern=&#8221;without_pattern&#8221;][vc_column][vc_row_inner row_type=&#8221;row&#8221; type=&#8221;grid&#8221; text_align=&#8221;left&#8221; css_animation=&#8221;&#8221;][vc_column_inner width=&#8221;1\/2&#8243;][vc_single_image image=&#8221;589&#8243; img_size=&#8221;full&#8221; qode_css_animation=&#8221;&#8221;][vc_empty_space][\/vc_column_inner][vc_column_inner el_class=&#8221;servicio-listas&#8221; width=&#8221;1\/2&#8243;][vc_empty_space height=&#8221;75&#8243;][vc_empty_space][\/vc_column_inner][\/vc_row_inner][vc_empty_space][\/vc_column][\/vc_row][vc_row...","og_url":"https:\/\/www.medicsintegralsalut.com\/ca\/unitats\/gabinet-destetica\/radiofrequencia-facial-y-corporal\/","og_site_name":"MedicsIntegralSalut","article_modified_time":"2022-07-21T07:15:10+00:00","twitter_card":"summary_large_image","twitter_misc":{"Temps estimat de lectura":"7 minuts"},"schema":{"@context":"https:\/\/schema.org","@graph":[{"@type":"WebPage","@id":"https:\/\/www.medicsintegralsalut.com\/ca\/unitats\/gabinet-destetica\/radiofrequencia-facial-y-corporal\/","url":"https:\/\/www.medicsintegralsalut.com\/ca\/unitats\/gabinet-destetica\/radiofrequencia-facial-y-corporal\/","name":"Radiofreq\u00fc\u00e8ncia facial y corporal - MedicsIntegralSalut","isPartOf":{"@id":"https:\/\/www.medicsintegralsalut.com\/ca\/#website"},"datePublished":"2019-10-15T10:00:22+00:00","dateModified":"2022-07-21T07:15:10+00:00","breadcrumb":{"@id":"https:\/\/www.medicsintegralsalut.com\/ca\/unitats\/gabinet-destetica\/radiofrequencia-facial-y-corporal\/#breadcrumb"},"inLanguage":"ca","potentialAction":[{"@type":"ReadAction","target":["https:\/\/www.medicsintegralsalut.com\/ca\/unitats\/gabinet-destetica\/radiofrequencia-facial-y-corporal\/"]}]},{"@type":"BreadcrumbList","@id":"https:\/\/www.medicsintegralsalut.com\/ca\/unitats\/gabinet-destetica\/radiofrequencia-facial-y-corporal\/#breadcrumb","itemListElement":[{"@type":"ListItem","position":1,"name":"Portada","item":"https:\/\/www.medicsintegralsalut.com\/ca\/"},{"@type":"ListItem","position":2,"name":"Unitats","item":"https:\/\/www.medicsintegralsalut.com\/ca\/unitats\/"},{"@type":"ListItem","position":3,"name":"Gabinet d&#8217;est\u00e8tica","item":"https:\/\/www.medicsintegralsalut.com\/ca\/unitats\/gabinet-destetica\/"},{"@type":"ListItem","position":4,"name":"Radiofreq\u00fc\u00e8ncia facial y corporal"}]},{"@type":"WebSite","@id":"https:\/\/www.medicsintegralsalut.com\/ca\/#website","url":"https:\/\/www.medicsintegralsalut.com\/ca\/","name":"MedicsIntegralSalut","description":"Cirug\u00eda est\u00e9tica","publisher":{"@id":"https:\/\/www.medicsintegralsalut.com\/ca\/#organization"},"potentialAction":[{"@type":"SearchAction","target":{"@type":"EntryPoint","urlTemplate":"https:\/\/www.medicsintegralsalut.com\/ca\/?s={search_term_string}"},"query-input":{"@type":"PropertyValueSpecification","valueRequired":true,"valueName":"search_term_string"}}],"inLanguage":"ca"},{"@type":"Organization","@id":"https:\/\/www.medicsintegralsalut.com\/ca\/#organization","name":"MedicsIntegralSalut","url":"https:\/\/www.medicsintegralsalut.com\/ca\/","logo":{"@type":"ImageObject","inLanguage":"ca","@id":"https:\/\/www.medicsintegralsalut.com\/ca\/#\/schema\/logo\/image\/","url":"https:\/\/www.medicsintegralsalut.com\/wp-content\/uploads\/2021\/12\/Logo-web-03_250.png","contentUrl":"https:\/\/www.medicsintegralsalut.com\/wp-content\/uploads\/2021\/12\/Logo-web-03_250.png","width":250,"height":99,"caption":"MedicsIntegralSalut"},"image":{"@id":"https:\/\/www.medicsintegralsalut.com\/ca\/#\/schema\/logo\/image\/"}}]}},"_links":{"self":[{"href":"https:\/\/www.medicsintegralsalut.com\/ca\/wp-json\/wp\/v2\/pages\/4009"}],"collection":[{"href":"https:\/\/www.medicsintegralsalut.com\/ca\/wp-json\/wp\/v2\/pages"}],"about":[{"href":"https:\/\/www.medicsintegralsalut.com\/ca\/wp-json\/wp\/v2\/types\/page"}],"author":[{"embeddable":true,"href":"https:\/\/www.medicsintegralsalut.com\/ca\/wp-json\/wp\/v2\/users\/3"}],"replies":[{"embeddable":true,"href":"https:\/\/www.medicsintegralsalut.com\/ca\/wp-json\/wp\/v2\/comments?post=4009"}],"version-history":[{"count":2,"href":"https:\/\/www.medicsintegralsalut.com\/ca\/wp-json\/wp\/v2\/pages\/4009\/revisions"}],"predecessor-version":[{"id":4011,"href":"https:\/\/www.medicsintegralsalut.com\/ca\/wp-json\/wp\/v2\/pages\/4009\/revisions\/4011"}],"up":[{"embeddable":true,"href":"https:\/\/www.medicsintegralsalut.com\/ca\/wp-json\/wp\/v2\/pages\/3988"}],"wp:attachment":[{"href":"https:\/\/www.medicsintegralsalut.com\/ca\/wp-json\/wp\/v2\/media?parent=4009"}],"curies":[{"name":"wp","href":"https:\/\/api.w.org\/{rel}","templated":true}]}}